{"id":405,"date":"2022-10-03T09:46:41","date_gmt":"2022-10-03T08:46:41","guid":{"rendered":"http:\/\/www.preprod.drone-pro360.com\/?page_id=405"},"modified":"2025-06-23T14:17:46","modified_gmt":"2025-06-23T13:17:46","slug":"elementor-405","status":"publish","type":"page","link":"https:\/\/www.preprod.drone-pro360.com\/index.php\/elementor-405\/","title":{"rendered":"TELEPILOTE DRONE PHOTOGRAMMETRIE"},"content":{"rendered":"\t\t<div data-elementor-type=\"wp-page\" data-elementor-id=\"405\" class=\"elementor elementor-405\" data-elementor-post-type=\"page\">\n\t\t\t\t\t\t<section class=\"elementor-section elementor-top-section elementor-element elementor-element-55ecc7fd elementor-section-stretched elementor-section-boxed elementor-section-height-default elementor-section-height-default\" data-id=\"55ecc7fd\" data-element_type=\"section\" data-e-type=\"section\" data-settings=\"{&quot;stretch_section&quot;:&quot;section-stretched&quot;,&quot;background_background&quot;:&quot;classic&quot;}\">\n\t\t\t\t\t\t<div class=\"elementor-container elementor-column-gap-default\">\n\t\t\t\t\t<div class=\"elementor-column elementor-col-100 elementor-top-column elementor-element elementor-element-4f02d21\" data-id=\"4f02d21\" data-element_type=\"column\" data-e-type=\"column\">\n\t\t\t<div class=\"elementor-widget-wrap elementor-element-populated\">\n\t\t\t\t\t\t<div class=\"elementor-element elementor-element-866c09a elementor-widget elementor-widget-heading\" data-id=\"866c09a\" data-element_type=\"widget\" data-e-type=\"widget\" data-widget_type=\"heading.default\">\n\t\t\t\t<div class=\"elementor-widget-container\">\n\t\t\t\t\t<h2 class=\"elementor-heading-title elementor-size-default\">TELEPILOTE DRONE PHOTOGRAMMETRIE<\/h2>\t\t\t\t<\/div>\n\t\t\t\t<\/div>\n\t\t\t\t\t<\/div>\n\t\t<\/div>\n\t\t\t\t\t<\/div>\n\t\t<\/section>\n\t\t\t\t<section class=\"elementor-section elementor-top-section elementor-element elementor-element-42c20e34 elementor-section-content-middle elementor-section-full_width elementor-section-stretched elementor-section-height-default elementor-section-height-default\" data-id=\"42c20e34\" data-element_type=\"section\" data-e-type=\"section\" data-settings=\"{&quot;stretch_section&quot;:&quot;section-stretched&quot;}\">\n\t\t\t\t\t\t<div class=\"elementor-container elementor-column-gap-default\">\n\t\t\t\t\t<div class=\"elementor-column elementor-col-50 elementor-top-column elementor-element elementor-element-a96f67f\" data-id=\"a96f67f\" data-element_type=\"column\" data-e-type=\"column\">\n\t\t\t<div class=\"elementor-widget-wrap elementor-element-populated\">\n\t\t\t\t\t\t<div class=\"elementor-element elementor-element-1cf7f083 e-transform elementor-widget-mobile__width-inherit elementor-widget elementor-widget-heading\" data-id=\"1cf7f083\" data-element_type=\"widget\" data-e-type=\"widget\" data-settings=\"{&quot;_transform_translateX_effect&quot;:{&quot;unit&quot;:&quot;px&quot;,&quot;size&quot;:81,&quot;sizes&quot;:[]},&quot;_transform_translateX_effect_tablet&quot;:{&quot;unit&quot;:&quot;px&quot;,&quot;size&quot;:&quot;&quot;,&quot;sizes&quot;:[]},&quot;_transform_translateX_effect_mobile&quot;:{&quot;unit&quot;:&quot;px&quot;,&quot;size&quot;:&quot;&quot;,&quot;sizes&quot;:[]},&quot;_transform_translateY_effect&quot;:{&quot;unit&quot;:&quot;px&quot;,&quot;size&quot;:&quot;&quot;,&quot;sizes&quot;:[]},&quot;_transform_translateY_effect_tablet&quot;:{&quot;unit&quot;:&quot;px&quot;,&quot;size&quot;:&quot;&quot;,&quot;sizes&quot;:[]},&quot;_transform_translateY_effect_mobile&quot;:{&quot;unit&quot;:&quot;px&quot;,&quot;size&quot;:&quot;&quot;,&quot;sizes&quot;:[]}}\" data-widget_type=\"heading.default\">\n\t\t\t\t<div class=\"elementor-widget-container\">\n\t\t\t\t\t<h3 class=\"elementor-heading-title elementor-size-small\">CERTIFICATION CATT &amp; EUROPEEN CATS<\/h3>\t\t\t\t<\/div>\n\t\t\t\t<\/div>\n\t\t\t\t<div class=\"elementor-element elementor-element-4a257ad2 e-transform elementor-widget-mobile__width-initial elementor-widget elementor-widget-text-editor\" data-id=\"4a257ad2\" data-element_type=\"widget\" data-e-type=\"widget\" data-settings=\"{&quot;_transform_translateX_effect&quot;:{&quot;unit&quot;:&quot;px&quot;,&quot;size&quot;:81,&quot;sizes&quot;:[]},&quot;_transform_translateX_effect_tablet&quot;:{&quot;unit&quot;:&quot;px&quot;,&quot;size&quot;:&quot;&quot;,&quot;sizes&quot;:[]},&quot;_transform_translateX_effect_mobile&quot;:{&quot;unit&quot;:&quot;px&quot;,&quot;size&quot;:&quot;&quot;,&quot;sizes&quot;:[]},&quot;_transform_translateY_effect&quot;:{&quot;unit&quot;:&quot;px&quot;,&quot;size&quot;:&quot;&quot;,&quot;sizes&quot;:[]},&quot;_transform_translateY_effect_tablet&quot;:{&quot;unit&quot;:&quot;px&quot;,&quot;size&quot;:&quot;&quot;,&quot;sizes&quot;:[]},&quot;_transform_translateY_effect_mobile&quot;:{&quot;unit&quot;:&quot;px&quot;,&quot;size&quot;:&quot;&quot;,&quot;sizes&quot;:[]}}\" data-widget_type=\"text-editor.default\">\n\t\t\t\t<div class=\"elementor-widget-container\">\n\t\t\t\t\t\t\t\t\t<p class=\"cvGsUA direction-ltr align-start para-style-body\"><span class=\"OYPEnA text-decoration-none text-strikethrough-none\">Dans notre centre, nous attachons une importance primordiale \u00e0 la qualit\u00e9 de l&rsquo;encadrement en privil\u00e9giant des cours avec un nombre limit\u00e9 de stagiaires, voire des sessions individuelles, afin d&rsquo;assurer un suivi optimal (maximum de 3 stagiaires par instructeur).<\/span><\/p><p class=\"cvGsUA direction-ltr align-start para-style-body\"><span class=\"OYPEnA text-decoration-none text-strikethrough-none\">Nous nous engageons \u00e0 nous adapter \u00e0 vos besoins en proposant une approche p\u00e9dagogique flexible. Les cours th\u00e9oriques sont dispens\u00e9s \u00e0 la fois en pr\u00e9sentiel et \u00e0 distance, selon vos pr\u00e9f\u00e9rences. Quant aux cours pratiques, ils se d\u00e9roulent sur le terrain, au sein de missions r\u00e9elles, sur diff\u00e9rents sites de vol.<\/span><\/p><p><strong>FOMATION PILOTE DRONE PHOTOGRAMMETRIE STAGE COMPLET<\/strong><\/p><p><strong>Intitul\u00e9\u00a0formation CPF :\u00a0T\u00e9l\u00e9pilotage Drone PHOTOGRAMMETRIE<\/strong><\/p><p><strong>Code interne MD5<\/strong><\/p><p><strong>Programme :<\/strong><\/p><p class=\"cvGsUA direction-ltr align-start para-style-body\"><span class=\"OYPEnA text-decoration-none text-strikethrough-none\">TH\u00c9ORIQUE CATT, CATS, OPEN A1-A2-A3 (certificat aptitude th\u00e9orique t\u00e9l\u00e9pilote) + PRATIQUE VOL DRONE DNC fran\u00e7aise et europ\u00e9enne.<\/span><\/p><p class=\"cvGsUA direction-ltr align-start para-style-body\"><span class=\"OYPEnA text-decoration-none text-strikethrough-none\">Vols missions sc\u00e9narios S1, S2, S3,STS-01 et STS-02, missions OPEN A1-A2-A3 + TECHNIQUE+ADMINISTRATIF+ EXAMEN+QCM+DOSSIERS+ MAP + SUIVI POST-FORMATION \u00b7<\/span><\/p><p class=\"cvGsUA direction-ltr align-start para-style-body\"><span class=\"OYPEnA text-decoration-none text-strikethrough-none\">Dur\u00e9e 5 jours en pr\u00e9sentiel 37h + 63h de cours r\u00e9vision collectif ou individuel &amp; entrainement aux QCM examen code acc\u00e8s en illimit\u00e9 ( en salle et cours et en ligne)<\/span><\/p><p><strong>Construction tarifaire :<\/strong>\u00a0Forfait ci-contre<\/p><p class=\"cvGsUA direction-ltr align-start para-style-body\"><strong><span class=\"OYPEnA text-decoration-none text-strikethrough-none\">TARIF VOL PRATIQUE <\/span><\/strong><span class=\"OYPEnA text-decoration-none text-strikethrough-none\"><strong>:<\/strong> 2000 HT-TVA 500\u20ac \u2013 <\/span><strong><span class=\"OYPEnA text-decoration-none text-strikethrough-none\">2500 TTC<\/span><\/strong><\/p><p class=\"cvGsUA direction-ltr align-start para-style-body\"><strong><span class=\"OYPEnA text-decoration-none text-strikethrough-none\">TARIF FORFAIT COMPLET PRATIQUE<\/span> <span class=\"OYPEnA text-decoration-none text-strikethrough-none\">&amp; TH\u00c9ORIQUE<\/span><\/strong><span class=\"OYPEnA text-decoration-none text-strikethrough-none\"><strong> :<\/strong> 3000 HT-TVA 600\u20ac \u2013 <\/span><strong><span class=\"OYPEnA text-decoration-none text-strikethrough-none\">3600 \u20ac TTC<\/span><\/strong><\/p><p><strong>Infos :<\/strong>\u00a0Les frais de passage de la certification de 30\u20ac sont inclus pour ainsi que les frais p\u00e9dagogiques de 50,00 \u20ac.<\/p>\t\t\t\t\t\t\t\t<\/div>\n\t\t\t\t<\/div>\n\t\t\t\t\t<\/div>\n\t\t<\/div>\n\t\t\t\t<div class=\"elementor-column elementor-col-50 elementor-top-column elementor-element elementor-element-581d7bad\" data-id=\"581d7bad\" data-element_type=\"column\" data-e-type=\"column\">\n\t\t\t<div class=\"elementor-widget-wrap elementor-element-populated\">\n\t\t\t\t\t\t<div class=\"elementor-element elementor-element-7d257f4 elementor-widget-tablet__width-inherit elementor-widget elementor-widget-video\" data-id=\"7d257f4\" data-element_type=\"widget\" data-e-type=\"widget\" data-settings=\"{&quot;video_type&quot;:&quot;hosted&quot;,&quot;loop&quot;:&quot;yes&quot;,&quot;autoplay&quot;:&quot;yes&quot;,&quot;controls&quot;:&quot;yes&quot;}\" data-widget_type=\"video.default\">\n\t\t\t\t<div class=\"elementor-widget-container\">\n\t\t\t\t\t\t\t<div class=\"e-hosted-video elementor-wrapper elementor-open-inline\">\n\t\t\t\t\t<video class=\"elementor-video\" src=\"https:\/\/www.preprod.drone-pro360.com\/wp-content\/uploads\/2022\/10\/tour-detruite-photogra.mp4\" autoplay=\"\" loop=\"\" controls=\"\" controlsList=\"nodownload\"><\/video>\n\t\t\t\t<\/div>\n\t\t\t\t\t\t<\/div>\n\t\t\t\t<\/div>\n\t\t\t\t\t<\/div>\n\t\t<\/div>\n\t\t\t\t\t<\/div>\n\t\t<\/section>\n\t\t\t\t<section class=\"elementor-section elementor-top-section elementor-element elementor-element-5f8c4c27 elementor-section-content-middle elementor-reverse-mobile elementor-section-stretched elementor-section-boxed elementor-section-height-default elementor-section-height-default\" data-id=\"5f8c4c27\" data-element_type=\"section\" data-e-type=\"section\" data-settings=\"{&quot;stretch_section&quot;:&quot;section-stretched&quot;}\">\n\t\t\t\t\t\t<div class=\"elementor-container elementor-column-gap-default\">\n\t\t\t\t\t<div class=\"elementor-column elementor-col-50 elementor-top-column elementor-element elementor-element-6f881e8b\" data-id=\"6f881e8b\" data-element_type=\"column\" data-e-type=\"column\">\n\t\t\t<div class=\"elementor-widget-wrap elementor-element-populated\">\n\t\t\t\t\t\t<div class=\"elementor-element elementor-element-58e86c80 elementor-absolute elementor-hidden-mobile elementor-widget elementor-widget-image\" data-id=\"58e86c80\" data-element_type=\"widget\" data-e-type=\"widget\" data-settings=\"{&quot;_position&quot;:&quot;absolute&quot;}\" data-widget_type=\"image.default\">\n\t\t\t\t<div class=\"elementor-widget-container\">\n\t\t\t\t\t\t\t\t\t\t\t\t\t\t\t<img fetchpriority=\"high\" decoding=\"async\" width=\"224\" height=\"224\" src=\"https:\/\/www.preprod.drone-pro360.com\/wp-content\/uploads\/2022\/09\/telechargement-1.jpg\" class=\"attachment-medium_large size-medium_large wp-image-518\" alt=\"\" srcset=\"https:\/\/www.preprod.drone-pro360.com\/wp-content\/uploads\/2022\/09\/telechargement-1.jpg 224w, https:\/\/www.preprod.drone-pro360.com\/wp-content\/uploads\/2022\/09\/telechargement-1-150x150.jpg 150w, https:\/\/www.preprod.drone-pro360.com\/wp-content\/uploads\/2022\/09\/telechargement-1-100x100.jpg 100w\" sizes=\"100vw\" \/>\t\t\t\t\t\t\t\t\t\t\t\t\t\t\t<\/div>\n\t\t\t\t<\/div>\n\t\t\t\t<div class=\"elementor-element elementor-element-2d0efa1a elementor-absolute elementor-widget elementor-widget-image\" data-id=\"2d0efa1a\" data-element_type=\"widget\" data-e-type=\"widget\" data-settings=\"{&quot;_animation&quot;:&quot;none&quot;,&quot;_position&quot;:&quot;absolute&quot;}\" data-widget_type=\"image.default\">\n\t\t\t\t<div class=\"elementor-widget-container\">\n\t\t\t\t\t\t\t\t\t\t\t\t<figure class=\"wp-caption\">\n\t\t\t\t\t\t\t\t\t\t<img decoding=\"async\" width=\"2560\" height=\"1440\" src=\"https:\/\/www.preprod.drone-pro360.com\/wp-content\/uploads\/2022\/10\/DJI_0363-scaled.jpg\" class=\"attachment-full size-full wp-image-879\" alt=\"\" srcset=\"https:\/\/www.preprod.drone-pro360.com\/wp-content\/uploads\/2022\/10\/DJI_0363-scaled.jpg 2560w, https:\/\/www.preprod.drone-pro360.com\/wp-content\/uploads\/2022\/10\/DJI_0363-300x169.jpg 300w, https:\/\/www.preprod.drone-pro360.com\/wp-content\/uploads\/2022\/10\/DJI_0363-1024x576.jpg 1024w, https:\/\/www.preprod.drone-pro360.com\/wp-content\/uploads\/2022\/10\/DJI_0363-768x432.jpg 768w, https:\/\/www.preprod.drone-pro360.com\/wp-content\/uploads\/2022\/10\/DJI_0363-1536x864.jpg 1536w, https:\/\/www.preprod.drone-pro360.com\/wp-content\/uploads\/2022\/10\/DJI_0363-2048x1152.jpg 2048w\" sizes=\"100vw\" \/>\t\t\t\t\t\t\t\t\t\t\t<figcaption class=\"widget-image-caption wp-caption-text\">CERTIFICATION CATT &amp; EUROP\u00c9EN CATS , t\u00e9l\u00e9pilote, professionnelle, formation, Finist\u00e8re, Bretagne, Vernon, Normandie, formation, initiation, drone<\/figcaption>\n\t\t\t\t\t\t\t\t\t\t<\/figure>\n\t\t\t\t\t\t\t\t\t<\/div>\n\t\t\t\t<\/div>\n\t\t\t\t<div class=\"elementor-element elementor-element-33700100 elementor-widget elementor-widget-image\" data-id=\"33700100\" data-element_type=\"widget\" data-e-type=\"widget\" data-widget_type=\"image.default\">\n\t\t\t\t<div class=\"elementor-widget-container\">\n\t\t\t\t\t\t\t\t\t\t\t\t<figure class=\"wp-caption\">\n\t\t\t\t\t\t\t\t\t\t<img decoding=\"async\" width=\"3840\" height=\"2160\" src=\"https:\/\/www.preprod.drone-pro360.com\/wp-content\/uploads\/2022\/10\/tour-detruite-1.png\" class=\"attachment-full size-full wp-image-969\" alt=\"\" srcset=\"https:\/\/www.preprod.drone-pro360.com\/wp-content\/uploads\/2022\/10\/tour-detruite-1.png 3840w, https:\/\/www.preprod.drone-pro360.com\/wp-content\/uploads\/2022\/10\/tour-detruite-1-300x169.png 300w, https:\/\/www.preprod.drone-pro360.com\/wp-content\/uploads\/2022\/10\/tour-detruite-1-1024x576.png 1024w, https:\/\/www.preprod.drone-pro360.com\/wp-content\/uploads\/2022\/10\/tour-detruite-1-768x432.png 768w, https:\/\/www.preprod.drone-pro360.com\/wp-content\/uploads\/2022\/10\/tour-detruite-1-1536x864.png 1536w, https:\/\/www.preprod.drone-pro360.com\/wp-content\/uploads\/2022\/10\/tour-detruite-1-2048x1152.png 2048w\" sizes=\"100vw\" \/>\t\t\t\t\t\t\t\t\t\t\t<figcaption class=\"widget-image-caption wp-caption-text\">CERTIFICATION CATT &amp; EUROP\u00c9EN CATS , t\u00e9l\u00e9pilote, professionnelle, formation, Finist\u00e8re, Bretagne, Vernon, Normandie, formation, initiation, drone, tour d\u00e9truite<\/figcaption>\n\t\t\t\t\t\t\t\t\t\t<\/figure>\n\t\t\t\t\t\t\t\t\t<\/div>\n\t\t\t\t<\/div>\n\t\t\t\t\t<\/div>\n\t\t<\/div>\n\t\t\t\t<div class=\"elementor-column elementor-col-50 elementor-top-column elementor-element elementor-element-5cd95d60\" data-id=\"5cd95d60\" data-element_type=\"column\" data-e-type=\"column\">\n\t\t\t<div class=\"elementor-widget-wrap elementor-element-populated\">\n\t\t\t\t\t\t<div class=\"elementor-element elementor-element-1ee13ebf elementor-widget elementor-widget-text-editor\" data-id=\"1ee13ebf\" data-element_type=\"widget\" data-e-type=\"widget\" data-widget_type=\"text-editor.default\">\n\t\t\t\t<div class=\"elementor-widget-container\">\n\t\t\t\t\t\t\t\t\t<p><strong>Objectif g\u00e9n\u00e9ral :<\/strong><\/p><p>Permettre \u00e0 l\u2019\u00e9l\u00e8ve d\u2019acqu\u00e9rir et d\u2019approfondir les connaissances n\u00e9cessaires en vue du passage du Certificat d\u2019Aptitude Th\u00e9orique du T\u00e9l\u00e9pilote (CATT) + vol pratique de base + technique param\u00e9trage+ sp\u00e9cialisation 3D PHOTOGRAMMETRIE DRONE.<\/p><p><strong>Objectifs p\u00e9dagogiques :<\/strong><\/p><p>Permettre aux stagiaires d\u2019acqu\u00e9rir et d\u2019approfondir les connaissances n\u00e9cessaires au monde de l\u2019a\u00e9ronautique et plus particuli\u00e8rement au monde du drone capteur 4K\/RTK.<\/p><p>Pr\u00e9parer les stagiaires \u00e0 l\u2019examen afin de r\u00e9pondre au d\u00e9cret qui impose aux t\u00e9l\u00e9pilotes de drones d\u2019\u00eatre d\u00e9tenteurs d\u2019un certificat th\u00e9orique drone afin de pouvoir se faire r\u00e9f\u00e9rencer aupr\u00e8s de la DGAC et d\u2019exercer \u00e0 titre professionnel en toute l\u00e9galit\u00e9.<\/p><p>La pr\u00e9sente formation \u00e9largit l\u2019aspect p\u00e9dagogique concernant la photogramm\u00e9trie en post traitement sur application logiciel attitr\u00e9.<\/p><p>L\u2019objectif de la certification est d\u2019assurer au b\u00e9n\u00e9ficiaire d\u2019\u00eatre en capacit\u00e9 d\u2019effectuer des missions de prise de vue a\u00e9rienne dans le cadre d\u2019une activit\u00e9 de t\u00e9l\u00e9pilotage de drone professionnel(Photos, vid\u00e9o, prises de vues a\u00e9riennes techniques, suivi de chantiers, mod\u00e9lisation 3D, inspection d\u2019ouvrages, cartographie, topographie, orthophoto, nuage de points\u2026), conform\u00e9ment aux exigences r\u00e9glementaires de la DGAC et l\u2019EASA (European Union Aviation Safety Agency ).<\/p><p>Conna\u00eetre les principes de droits \u00e0 l\u2019image<\/p><p>\u00a0Savoir r\u00e9aliser des missions dans le domaine technique<\/p><p>\u00a0Conna\u00eetre les techniques de prises de vues propres \u00e0 l\u2019activit\u00e9<\/p><p>\u00a0Conna\u00eetre les principes de r\u00e9glages des capteurs photos et vid\u00e9o, ainsi que le choix du mat\u00e9riel<\/p><p>\u00a0\u00catre autonome en mati\u00e8re de connaissances de droits \u00e0 l\u2019image et de propri\u00e9t\u00e9s priv\u00e9es.<\/p><p>\u00a0R\u00e9aliser des missions techniques, inspection d\u2019ouvrage, missions technique, mission de suivi de chantier, captation d\u2019image dans un but de travail de photogramm\u00e9trie<\/p><p>\u00a0Savoir programmer un vol de captation photogramm\u00e9trique<\/p><p>Savoir r\u00e9aliser un vol de captation photogramm\u00e9trique<\/p><p>Savoir rendre un travail photogramm\u00e9trique (rendre en image 2D et 3D et principes de base).<\/p><p>DRONE PRO 360 \u00e0 la qualit\u00e9 permettant d\u2019assurer un suivi d\u2019excellence des programmes de formation et des r\u00e9f\u00e9rentiels officiels. La certification Qualiopi a \u00e9t\u00e9 obtenue sans aucune non-conformit\u00e9. Contenu<\/p><p><strong>La formation se d\u00e9roule en 4 phases\u00a0:<\/strong><\/p><p>Module Photogramm\u00e9trie sol<\/p><p>Principes de la photogramm\u00e9trie<\/p><p>Th\u00e9orie et utilisation des logiciels de photogramm\u00e9trie<\/p><p>Th\u00e9orie sur la programmation des vols<\/p><p>Principes principaux des analyses photogramm\u00e9triques<\/p><p>D\u00e9finition des rendus clients (apr\u00e8s les vols)<\/p><p>Module Photogramm\u00e9trie vol<\/p><p>Mise en \u0153uvre pratique des principes vus en salle<\/p><p>\u00a0Analyse de captations<\/p><p>\u00a0Debriefing<\/p><p>Programme concernant les obligations li\u00e9es \u00e0 l\u2019immobilier, propres \u00e0 l\u2019exploitation des drones<\/p><p>Pr\u00e9paration \u00e0 la certification<\/p><p>Passage de la Certification\u00a0<\/p>\t\t\t\t\t\t\t\t<\/div>\n\t\t\t\t<\/div>\n\t\t\t\t\t<\/div>\n\t\t<\/div>\n\t\t\t\t\t<\/div>\n\t\t<\/section>\n\t\t\t\t<section class=\"elementor-section elementor-top-section elementor-element elementor-element-2c808d00 elementor-section-content-middle elementor-section-stretched elementor-section-boxed elementor-section-height-default elementor-section-height-default\" data-id=\"2c808d00\" data-element_type=\"section\" data-e-type=\"section\" data-settings=\"{&quot;background_background&quot;:&quot;classic&quot;,&quot;stretch_section&quot;:&quot;section-stretched&quot;,&quot;shape_divider_top&quot;:&quot;clouds&quot;}\">\n\t\t\t\t\t\t\t<div class=\"elementor-background-overlay\"><\/div>\n\t\t\t\t\t\t<div class=\"elementor-shape elementor-shape-top\" aria-hidden=\"true\" data-negative=\"false\">\n\t\t\t<svg xmlns=\"http:\/\/www.w3.org\/2000\/svg\" viewBox=\"0 0 283.5 27.8\" preserveAspectRatio=\"xMidYMax slice\">\n  <path class=\"elementor-shape-fill\" d=\"M0 0v6.7c1.9-.8 4.7-1.4 8.5-1 9.5 1.1 11.1 6 11.1 6s2.1-.7 4.3-.2c2.1.5 2.8 2.6 2.8 2.6s.2-.5 1.4-.7c1.2-.2 1.7.2 1.7.2s0-2.1 1.9-2.8c1.9-.7 3.6.7 3.6.7s.7-2.9 3.1-4.1 4.7 0 4.7 0 1.2-.5 2.4 0 1.7 1.4 1.7 1.4h1.4c.7 0 1.2.7 1.2.7s.8-1.8 4-2.2c3.5-.4 5.3 2.4 6.2 4.4.4-.4 1-.7 1.8-.9 2.8-.7 4 .7 4 .7s1.7-5 11.1-6c9.5-1.1 12.3 3.9 12.3 3.9s1.2-4.8 5.7-5.7c4.5-.9 6.8 1.8 6.8 1.8s.6-.6 1.5-.9c.9-.2 1.9-.2 1.9-.2s5.2-6.4 12.6-3.3c7.3 3.1 4.7 9 4.7 9s1.9-.9 4 0 2.8 2.4 2.8 2.4 1.9-1.2 4.5-1.2 4.3 1.2 4.3 1.2.2-1 1.4-1.7 2.1-.7 2.1-.7-.5-3.1 2.1-5.5 5.7-1.4 5.7-1.4 1.5-2.3 4.2-1.1c2.7 1.2 1.7 5.2 1.7 5.2s.3-.1 1.3.5c.5.4.8.8.9 1.1.5-1.4 2.4-5.8 8.4-4 7.1 2.1 3.5 8.9 3.5 8.9s.8-.4 2 0 1.1 1.1 1.1 1.1 1.1-1.1 2.3-1.1 2.1.5 2.1.5 1.9-3.6 6.2-1.2 1.9 6.4 1.9 6.4 2.6-2.4 7.4 0c3.4 1.7 3.9 4.9 3.9 4.9s3.3-6.9 10.4-7.9 11.5 2.6 11.5 2.6.8 0 1.2.2c.4.2.9.9.9.9s4.4-3.1 8.3.2c1.9 1.7 1.5 5 1.5 5s.3-1.1 1.6-1.4c1.3-.3 2.3.2 2.3.2s-.1-1.2.5-1.9 1.9-.9 1.9-.9-4.7-9.3 4.4-13.4c5.6-2.5 9.2.9 9.2.9s5-6.2 15.9-6.2 16.1 8.1 16.1 8.1.7-.2 1.6-.4V0H0z\"\/>\n<\/svg>\n\t\t<\/div>\n\t\t\t\t\t<div class=\"elementor-container elementor-column-gap-default\">\n\t\t\t\t\t<div class=\"elementor-column elementor-col-50 elementor-top-column elementor-element elementor-element-6c8aa279\" data-id=\"6c8aa279\" data-element_type=\"column\" data-e-type=\"column\">\n\t\t\t<div class=\"elementor-widget-wrap elementor-element-populated\">\n\t\t\t\t\t\t<div class=\"elementor-element elementor-element-335b3dd6 elementor-widget elementor-widget-text-editor\" data-id=\"335b3dd6\" data-element_type=\"widget\" data-e-type=\"widget\" data-widget_type=\"text-editor.default\">\n\t\t\t\t<div class=\"elementor-widget-container\">\n\t\t\t\t\t\t\t\t\t<p><strong>Points forts<\/strong><\/p><p>Les formations th\u00e9oriques et pratiques sont dispens\u00e9es par des formateurs instructeurs de l\u2019aviation civile poss\u00e9dant les dipl\u00f4mes et les comp\u00e9tences n\u00e9cessaires de l\u2019exp\u00e9rience terrain pour vous accompagner dans votre projet<\/p><p><strong>R\u00e9sultats attendus :<\/strong><\/p><p>La formation suit le parcours certifi\u00e9 li\u00e9 au r\u00e9pertoire sp\u00e9cifique du .<\/p><p>L\u2019apprenant sera en mesure de r\u00e9aliser des vols de drones destin\u00e9s aux m\u00e9tiers de g\u00e9om\u00e8tre, expert g\u00e9om\u00e8tre, architecte, BTP, l\u2019immobilier. Ce module permet de d\u00e9tailler l\u2019aspect photogramm\u00e9trie de la certification (principes, captation, analyse\u2026)<\/p><p>Drone PRO 360 met \u00e0 disposition un suivi d\u2019anciens stagiaires via un portail internet priv\u00e9, de cours et webinaire chaque mois, permettant d\u2019assurer les \u00e9changes entre t\u00e9l\u00e9pilotes, instructeurs, et de tenir informer les pilotes de drone. Ce suivi apr\u00e8s formation permet donc d\u2019assurer une partie de la veille r\u00e9glementaire et l\u2019am\u00e9lioration continue de chacun.<\/p><p>Retrouver tous les d\u00e9tails de votre formation sur le catalogue de notre site.<\/p><p><strong>Public vis\u00e9 :<\/strong><\/p><p>Ouvert \u00e0 tous secteur public et priv\u00e9<\/p><p>Prise en charge des dossiers CPF, OPCA, P\u00f4le emploi\u2026<\/p><p>Reconversion professionnelle<\/p><p>Mont\u00e9e en comp\u00e9tences<\/p><p>Professionnel de l\u2019image<\/p><p>Technicien\u00a0<\/p><p>Personne en situation handicap au cas par cas selon le degr\u00e9 de pouvoir r\u00e9aliser ou non le m\u00e9tier<\/p><p><strong>Pr\u00e9requis &amp; Conditions :<\/strong><\/p><p>Avoir 16 ans et plus<\/p><p>Savoir \u00e9crire, lire et compter en fran\u00e7ais<\/p><p>Avoir une bonne connexion internet et un ordinateur avec Webcam<\/p><p><strong>D\u00e9tails des conditions sp\u00e9cifiques et pr\u00e9requis :<\/strong><\/p><p>Le cas \u00e9ch\u00e9ant, pr\u00e9requis \u00e0 la validation des comp\u00e9tences : D\u00e9tention du certificat d\u2019aptitude th\u00e9orique de t\u00e9l\u00e9pilote d\u00e9livr\u00e9 par le ministre charg\u00e9 de l\u2019aviation civile ou d\u2019une attestation d\u2019aptitude d\u00e9livr\u00e9e par le ministre charg\u00e9 de l\u2019aviation civile et le niveau de comp\u00e9tence d\u00e9livr\u00e9 par le centre de formation suite au passage d\u2019examen pratique de base \u00e9valu\u00e9e par le jury.<\/p><p>Au besoin nous vous inscrivons \u00e0 l\u2019entr\u00e9e de formation et nous nous occupons des formalit\u00e9s.<\/p><p><strong>Modalit\u00e9s d\u2019admission :<\/strong>\u00a0Admission suite \u00e0 l\u2019entretien avisant \u00e0 la faisabilit\u00e9<\/p><p><strong>Informations sur l\u2019admission :<\/strong><\/p><p>La motivation est indispensable pour toute inscription. Elle permet de renforcer l\u2019objectif et la s\u00e9curit\u00e9 du m\u00e9tier droniste.<\/p><p><strong>P\u00e9rim\u00e8tre g\u00e9ographique du recrutement :<\/strong>\u00a0National<\/p><p><strong>Informations sur le p\u00e9rim\u00e8tre de recrutement :<\/strong>\u00a0Sur tout le territoire<\/p><p><strong>Informations sur le recrutement :<\/strong>\u00a0motivation et s\u00e9rieux du candidat<\/p>\t\t\t\t\t\t\t\t<\/div>\n\t\t\t\t<\/div>\n\t\t\t\t\t<\/div>\n\t\t<\/div>\n\t\t\t\t<div class=\"elementor-column elementor-col-50 elementor-top-column elementor-element elementor-element-9e68581\" data-id=\"9e68581\" data-element_type=\"column\" data-e-type=\"column\">\n\t\t\t<div class=\"elementor-widget-wrap elementor-element-populated\">\n\t\t\t\t\t\t<div class=\"elementor-element elementor-element-1acd689b elementor-widget elementor-widget-image\" data-id=\"1acd689b\" data-element_type=\"widget\" data-e-type=\"widget\" data-widget_type=\"image.default\">\n\t\t\t\t<div class=\"elementor-widget-container\">\n\t\t\t\t\t\t\t\t\t\t\t\t<figure class=\"wp-caption\">\n\t\t\t\t\t\t\t\t\t\t<img loading=\"lazy\" decoding=\"async\" width=\"2560\" height=\"1440\" src=\"https:\/\/www.preprod.drone-pro360.com\/wp-content\/uploads\/2022\/09\/290123256_4922601641199505_5289584504474435051_n-1-scaled.jpg\" class=\"attachment-full size-full wp-image-480\" alt=\"\" srcset=\"https:\/\/www.preprod.drone-pro360.com\/wp-content\/uploads\/2022\/09\/290123256_4922601641199505_5289584504474435051_n-1-scaled.jpg 2560w, https:\/\/www.preprod.drone-pro360.com\/wp-content\/uploads\/2022\/09\/290123256_4922601641199505_5289584504474435051_n-1-300x169.jpg 300w, https:\/\/www.preprod.drone-pro360.com\/wp-content\/uploads\/2022\/09\/290123256_4922601641199505_5289584504474435051_n-1-1024x576.jpg 1024w, https:\/\/www.preprod.drone-pro360.com\/wp-content\/uploads\/2022\/09\/290123256_4922601641199505_5289584504474435051_n-1-768x432.jpg 768w, https:\/\/www.preprod.drone-pro360.com\/wp-content\/uploads\/2022\/09\/290123256_4922601641199505_5289584504474435051_n-1-1536x864.jpg 1536w, https:\/\/www.preprod.drone-pro360.com\/wp-content\/uploads\/2022\/09\/290123256_4922601641199505_5289584504474435051_n-1-2048x1152.jpg 2048w\" sizes=\"100vw\" \/>\t\t\t\t\t\t\t\t\t\t\t<figcaption class=\"widget-image-caption wp-caption-text\">CERTIFICATION CATT &amp; EUROP\u00c9EN CATS , t\u00e9l\u00e9pilote, professionnelle, formation, Finist\u00e8re, Bretagne, Vernon, Normandie, formation, initiation, drone<\/figcaption>\n\t\t\t\t\t\t\t\t\t\t<\/figure>\n\t\t\t\t\t\t\t\t\t<\/div>\n\t\t\t\t<\/div>\n\t\t\t\t\t<\/div>\n\t\t<\/div>\n\t\t\t\t\t<\/div>\n\t\t<\/section>\n\t\t\t\t<section class=\"elementor-section elementor-top-section elementor-element elementor-element-71dd3c46 elementor-section-full_width elementor-section-stretched elementor-section-height-default elementor-section-height-default\" data-id=\"71dd3c46\" data-element_type=\"section\" data-e-type=\"section\" data-settings=\"{&quot;stretch_section&quot;:&quot;section-stretched&quot;}\">\n\t\t\t\t\t\t<div class=\"elementor-container elementor-column-gap-default\">\n\t\t\t\t\t<div class=\"elementor-column elementor-col-100 elementor-top-column elementor-element elementor-element-34a317ee\" data-id=\"34a317ee\" data-element_type=\"column\" data-e-type=\"column\">\n\t\t\t<div class=\"elementor-widget-wrap elementor-element-populated\">\n\t\t\t\t\t\t<div class=\"elementor-element elementor-element-76ecc8d4 elementor-widget elementor-widget-text-editor\" data-id=\"76ecc8d4\" data-element_type=\"widget\" data-e-type=\"widget\" data-widget_type=\"text-editor.default\">\n\t\t\t\t<div class=\"elementor-widget-container\">\n\t\t\t\t\t\t\t\t\t<p><strong>Questions sur le d\u00e9roulement de la formation :<\/strong><\/p><p><strong>Horaires libres ou d\u00e9finis :<\/strong>\u00a09h00- 12h30 \/ 13h30- 18h30<\/p><p><strong>Pr\u00e9sentielle ou \u00e0 distance :<\/strong>\u00a0Mixte (pr\u00e9sentielle et \u00e0 distance)<\/p><p><strong>Informations sur les modalit\u00e9s p\u00e9dagogiques :<\/strong>\u00a0cours en salle et ou \u00e0 distance selon dispositions et m\u00e9t\u00e9orologie concernant les vols<\/p><p><strong>Dur\u00e9e moyenne de la formation (heures) :\u00a0<\/strong>100h (40H Pr\u00e9sentiel + 60h \u00e0 distance ou en salle selon le choix de l\u2019apprenant)<\/p><p><strong>Rythme de la formation :<\/strong>\u00a0En semaine, en soir\u00e9e. Plusieurs rythmes possibles ; en journ\u00e9e ; Temps plein ; Temps partiel ; selon planning<\/p><p><strong>Modalit\u00e9s p\u00e9dagogiques adapt\u00e9es aux personnes en situation de handicap :<\/strong>\u00a0accompagnement et adaptation au cas par cas<\/p><p>Le centre peut recevoir et accueillir des personnes \u00e0 mobilit\u00e9 r\u00e9duite. En ce qui concerne le m\u00e9tier, il sera jug\u00e9 au cas par cas selon la capacit\u00e9 ou non d\u2019une maitrise totale de pouvoir exercer en toute s\u00e9curit\u00e9 sur le terrain.<\/p><p>Toutes nos formations sont accessibles aux personnes en situation de handicap ou pr\u00e9sentant un trouble de sant\u00e9 invalidant. Un questionnaire envoy\u00e9 en amont de la formation invite les participants \u00e0 nous contacter s\u2019ils ont besoins d\u2019am\u00e9nagements sp\u00e9cifiques en lien avec leur situation d\u2019handicap. Nous nous employons \u00e0 rechercher, avec les personnes concern\u00e9es, les moyens de compensation qui leur seront adapt\u00e9s sur la faisabilit\u00e9.<\/p><p><strong>Modalit\u00e9s d\u2019entr\u00e9es ou de sorties :<\/strong>\u00a0Permanentes, dates indiqu\u00e9es sur le programme<\/p><p><strong>Les documents \u00e0 transmettre :<\/strong>\u00a0copie carte identit\u00e9<\/p><p>SUIVI POST-FORMATION :\u00a0accompagnement sur l\u2019aide des missions, la technique, les mises \u00e0 jour, mise en place de votre m\u00e9tier (subvention, statut, r\u00e9seaux, besoins etc.\u2026)<\/p>\t\t\t\t\t\t\t\t<\/div>\n\t\t\t\t<\/div>\n\t\t\t\t\t<\/div>\n\t\t<\/div>\n\t\t\t\t\t<\/div>\n\t\t<\/section>\n\t\t\t\t<section class=\"elementor-section elementor-top-section elementor-element elementor-element-ae8d1d5 elementor-section-full_width elementor-section-stretched elementor-section-height-default elementor-section-height-default\" data-id=\"ae8d1d5\" data-element_type=\"section\" data-e-type=\"section\" data-settings=\"{&quot;stretch_section&quot;:&quot;section-stretched&quot;}\">\n\t\t\t\t\t\t<div class=\"elementor-container elementor-column-gap-default\">\n\t\t\t\t\t<div class=\"elementor-column elementor-col-100 elementor-top-column elementor-element elementor-element-65cc31da\" data-id=\"65cc31da\" data-element_type=\"column\" data-e-type=\"column\">\n\t\t\t<div class=\"elementor-widget-wrap elementor-element-populated\">\n\t\t\t\t\t\t<div class=\"elementor-element elementor-element-73618c96 elementor-widget elementor-widget-image\" data-id=\"73618c96\" data-element_type=\"widget\" data-e-type=\"widget\" data-widget_type=\"image.default\">\n\t\t\t\t<div class=\"elementor-widget-container\">\n\t\t\t\t\t\t\t\t\t\t\t\t<figure class=\"wp-caption\">\n\t\t\t\t\t\t\t\t\t\t<img loading=\"lazy\" decoding=\"async\" width=\"2560\" height=\"490\" src=\"https:\/\/www.preprod.drone-pro360.com\/wp-content\/uploads\/2022\/09\/dji_export_1659371362817-scaled.jpg\" class=\"attachment-full size-full wp-image-530\" alt=\"\" srcset=\"https:\/\/www.preprod.drone-pro360.com\/wp-content\/uploads\/2022\/09\/dji_export_1659371362817-scaled.jpg 2560w, https:\/\/www.preprod.drone-pro360.com\/wp-content\/uploads\/2022\/09\/dji_export_1659371362817-300x57.jpg 300w, https:\/\/www.preprod.drone-pro360.com\/wp-content\/uploads\/2022\/09\/dji_export_1659371362817-1024x196.jpg 1024w, https:\/\/www.preprod.drone-pro360.com\/wp-content\/uploads\/2022\/09\/dji_export_1659371362817-768x147.jpg 768w, https:\/\/www.preprod.drone-pro360.com\/wp-content\/uploads\/2022\/09\/dji_export_1659371362817-1536x294.jpg 1536w, https:\/\/www.preprod.drone-pro360.com\/wp-content\/uploads\/2022\/09\/dji_export_1659371362817-2048x392.jpg 2048w\" sizes=\"100vw\" \/>\t\t\t\t\t\t\t\t\t\t\t<figcaption class=\"widget-image-caption wp-caption-text\">CERTIFICATION CATT &amp; EUROP\u00c9EN CATS , t\u00e9l\u00e9pilote, professionnelle, formation, Finist\u00e8re, Bretagne, Vernon, Normandie, formation, initiation, drone<\/figcaption>\n\t\t\t\t\t\t\t\t\t\t<\/figure>\n\t\t\t\t\t\t\t\t\t<\/div>\n\t\t\t\t<\/div>\n\t\t\t\t<div class=\"elementor-element elementor-element-a4567e4 elementor-align-left elementor-absolute elementor-widget-mobile__width-initial elementor-invisible elementor-widget elementor-widget-button\" data-id=\"a4567e4\" data-element_type=\"widget\" data-e-type=\"widget\" data-settings=\"{&quot;_position&quot;:&quot;absolute&quot;,&quot;_animation&quot;:&quot;flash&quot;}\" data-widget_type=\"button.default\">\n\t\t\t\t<div class=\"elementor-widget-container\">\n\t\t\t\t\t\t\t\t\t<div class=\"elementor-button-wrapper\">\n\t\t\t\t\t<a class=\"elementor-button elementor-button-link elementor-size-xs\" href=\"https:\/\/www.preprod.drone-pro360.com\/index.php\/contact\/\">\n\t\t\t\t\t\t<span class=\"elementor-button-content-wrapper\">\n\t\t\t\t\t\t<span class=\"elementor-button-icon\">\n\t\t\t\t<i aria-hidden=\"true\" class=\"fas fa-arrow-circle-right\"><\/i>\t\t\t<\/span>\n\t\t\t\t\t\t\t\t\t<span class=\"elementor-button-text\">Contact renseignements et inscriptions  <\/span>\n\t\t\t\t\t<\/span>\n\t\t\t\t\t<\/a>\n\t\t\t\t<\/div>\n\t\t\t\t\t\t\t\t<\/div>\n\t\t\t\t<\/div>\n\t\t\t\t\t<\/div>\n\t\t<\/div>\n\t\t\t\t\t<\/div>\n\t\t<\/section>\n\t\t\t\t<section class=\"elementor-section elementor-top-section elementor-element elementor-element-2b152d8b elementor-section-boxed elementor-section-height-default elementor-section-height-default\" data-id=\"2b152d8b\" data-element_type=\"section\" data-e-type=\"section\">\n\t\t\t\t\t\t<div class=\"elementor-container elementor-column-gap-default\">\n\t\t\t\t\t<div class=\"elementor-column elementor-col-100 elementor-top-column elementor-element elementor-element-33cd3db2\" data-id=\"33cd3db2\" data-element_type=\"column\" data-e-type=\"column\">\n\t\t\t<div class=\"elementor-widget-wrap elementor-element-populated\">\n\t\t\t\t\t\t<div class=\"elementor-element elementor-element-5d4e431e elementor-absolute elementor-hidden-mobile elementor-widget elementor-widget-image\" data-id=\"5d4e431e\" data-element_type=\"widget\" data-e-type=\"widget\" data-settings=\"{&quot;_position&quot;:&quot;absolute&quot;}\" data-widget_type=\"image.default\">\n\t\t\t\t<div class=\"elementor-widget-container\">\n\t\t\t\t\t\t\t\t\t\t\t\t\t\t\t<img loading=\"lazy\" decoding=\"async\" width=\"300\" height=\"167\" src=\"https:\/\/www.preprod.drone-pro360.com\/wp-content\/uploads\/2022\/09\/Image1-1-300x167.png\" class=\"attachment-medium size-medium wp-image-541\" alt=\"\" srcset=\"https:\/\/www.preprod.drone-pro360.com\/wp-content\/uploads\/2022\/09\/Image1-1-300x167.png 300w, https:\/\/www.preprod.drone-pro360.com\/wp-content\/uploads\/2022\/09\/Image1-1-1024x569.png 1024w, https:\/\/www.preprod.drone-pro360.com\/wp-content\/uploads\/2022\/09\/Image1-1-768x427.png 768w, https:\/\/www.preprod.drone-pro360.com\/wp-content\/uploads\/2022\/09\/Image1-1.png 1533w\" sizes=\"100vw\" \/>\t\t\t\t\t\t\t\t\t\t\t\t\t\t\t<\/div>\n\t\t\t\t<\/div>\n\t\t\t\t\t<\/div>\n\t\t<\/div>\n\t\t\t\t\t<\/div>\n\t\t<\/section>\n\t\t\t\t<section class=\"elementor-section elementor-top-section elementor-element elementor-element-458d4ca8 elementor-section-boxed elementor-section-height-default elementor-section-height-default\" data-id=\"458d4ca8\" data-element_type=\"section\" data-e-type=\"section\">\n\t\t\t\t\t\t<div class=\"elementor-container elementor-column-gap-default\">\n\t\t\t\t\t<div class=\"elementor-column elementor-col-100 elementor-top-column elementor-element elementor-element-5e34add2\" data-id=\"5e34add2\" data-element_type=\"column\" data-e-type=\"column\">\n\t\t\t<div class=\"elementor-widget-wrap elementor-element-populated\">\n\t\t\t\t\t\t<div class=\"elementor-element elementor-element-3720997e elementor-absolute elementor-widget elementor-widget-image\" data-id=\"3720997e\" data-element_type=\"widget\" data-e-type=\"widget\" data-settings=\"{&quot;_position&quot;:&quot;absolute&quot;}\" data-widget_type=\"image.default\">\n\t\t\t\t<div class=\"elementor-widget-container\">\n\t\t\t\t\t\t\t\t\t\t\t\t\t\t\t<img loading=\"lazy\" decoding=\"async\" width=\"280\" height=\"205\" src=\"https:\/\/www.preprod.drone-pro360.com\/wp-content\/uploads\/2022\/09\/logo-avec-fond-tranparent.png\" class=\"attachment-medium size-medium wp-image-559\" alt=\"\" sizes=\"100vw\" \/>\t\t\t\t\t\t\t\t\t\t\t\t\t\t\t<\/div>\n\t\t\t\t<\/div>\n\t\t\t\t\t<\/div>\n\t\t<\/div>\n\t\t\t\t\t<\/div>\n\t\t<\/section>\n\t\t\t\t<section class=\"elementor-section elementor-top-section elementor-element elementor-element-487ae5 elementor-section-content-middle elementor-reverse-mobile elementor-section-boxed elementor-section-height-default elementor-section-height-default\" data-id=\"487ae5\" data-element_type=\"section\" data-e-type=\"section\">\n\t\t\t\t\t\t<div class=\"elementor-container elementor-column-gap-default\">\n\t\t\t\t\t<div class=\"elementor-column elementor-col-50 elementor-top-column elementor-element elementor-element-50c2e55e\" data-id=\"50c2e55e\" data-element_type=\"column\" data-e-type=\"column\">\n\t\t\t<div class=\"elementor-widget-wrap\">\n\t\t\t\t\t\t\t<\/div>\n\t\t<\/div>\n\t\t\t\t<div class=\"elementor-column elementor-col-50 elementor-top-column elementor-element elementor-element-1cf5d720\" data-id=\"1cf5d720\" data-element_type=\"column\" data-e-type=\"column\">\n\t\t\t<div class=\"elementor-widget-wrap elementor-element-populated\">\n\t\t\t\t\t\t\t<\/div>\n\t\t<\/div>\n\t\t\t\t\t<\/div>\n\t\t<\/section>\n\t\t\t\t<section class=\"elementor-section elementor-top-section elementor-element elementor-element-5d8b4b75 elementor-section-content-middle elementor-section-boxed elementor-section-height-default elementor-section-height-default\" data-id=\"5d8b4b75\" data-element_type=\"section\" data-e-type=\"section\" data-settings=\"{&quot;background_background&quot;:&quot;classic&quot;}\">\n\t\t\t\t\t\t<div class=\"elementor-container elementor-column-gap-default\">\n\t\t\t\t\t<div class=\"elementor-column elementor-col-50 elementor-top-column elementor-element elementor-element-2c9099ef\" data-id=\"2c9099ef\" data-element_type=\"column\" data-e-type=\"column\">\n\t\t\t<div class=\"elementor-widget-wrap elementor-element-populated\">\n\t\t\t\t\t\t\t<\/div>\n\t\t<\/div>\n\t\t\t\t<div class=\"elementor-column elementor-col-50 elementor-top-column elementor-element elementor-element-44c8ca22\" data-id=\"44c8ca22\" data-element_type=\"column\" data-e-type=\"column\">\n\t\t\t<div class=\"elementor-widget-wrap elementor-element-populated\">\n\t\t\t\t\t\t<div class=\"elementor-element elementor-element-b20e5b2 elementor-absolute elementor-hidden-mobile elementor-widget elementor-widget-image\" data-id=\"b20e5b2\" data-element_type=\"widget\" data-e-type=\"widget\" data-settings=\"{&quot;_position&quot;:&quot;absolute&quot;}\" data-widget_type=\"image.default\">\n\t\t\t\t<div class=\"elementor-widget-container\">\n\t\t\t\t\t\t\t\t\t\t\t\t<figure class=\"wp-caption\">\n\t\t\t\t\t\t\t\t\t\t<img loading=\"lazy\" decoding=\"async\" width=\"480\" height=\"640\" src=\"https:\/\/www.preprod.drone-pro360.com\/wp-content\/uploads\/2022\/10\/tour-detruite-2.png\" class=\"attachment-full size-full wp-image-970\" alt=\"\" srcset=\"https:\/\/www.preprod.drone-pro360.com\/wp-content\/uploads\/2022\/10\/tour-detruite-2.png 480w, https:\/\/www.preprod.drone-pro360.com\/wp-content\/uploads\/2022\/10\/tour-detruite-2-225x300.png 225w\" sizes=\"100vw\" \/>\t\t\t\t\t\t\t\t\t\t\t<figcaption class=\"widget-image-caption wp-caption-text\">CERTIFICATION CATT &amp; EUROP\u00c9EN CATS , t\u00e9l\u00e9pilote, professionnelle, formation, Finist\u00e8re, Bretagne, Vernon, Normandie, formation, initiation, drone<\/figcaption>\n\t\t\t\t\t\t\t\t\t\t<\/figure>\n\t\t\t\t\t\t\t\t\t<\/div>\n\t\t\t\t<\/div>\n\t\t\t\t\t<\/div>\n\t\t<\/div>\n\t\t\t\t\t<\/div>\n\t\t<\/section>\n\t\t\t\t<\/div>\n\t\t","protected":false},"excerpt":{"rendered":"<p>TELEPILOTE DRONE PHOTOGRAMMETRIE CERTIFICATION CATT &amp; EUROPEEN CATS Dans notre centre, nous attachons une importance primordiale \u00e0 la qualit\u00e9 de l&rsquo;encadrement en privil\u00e9giant des cours avec un nombre limit\u00e9 de stagiaires, voire des sessions individuelles, afin d&rsquo;assurer un suivi optimal (maximum de 3 stagiaires par instructeur). Nous nous engageons \u00e0 nous adapter \u00e0 vos besoins &hellip; <\/p>\n<p class=\"link-more\"><a href=\"https:\/\/www.preprod.drone-pro360.com\/index.php\/elementor-405\/\" class=\"more-link\">Continuer la lecture<span class=\"screen-reader-text\"> de &laquo;&nbsp;TELEPILOTE DRONE PHOTOGRAMMETRIE&nbsp;&raquo;<\/span><\/a><\/p>\n","protected":false},"author":3,"featured_media":0,"parent":0,"menu_order":0,"comment_status":"closed","ping_status":"closed","template":"","meta":{"footnotes":""},"class_list":["post-405","page","type-page","status-publish","hentry"],"_links":{"self":[{"href":"https:\/\/www.preprod.drone-pro360.com\/index.php\/wp-json\/wp\/v2\/pages\/405","targetHints":{"allow":["GET"]}}],"collection":[{"href":"https:\/\/www.preprod.drone-pro360.com\/index.php\/wp-json\/wp\/v2\/pages"}],"about":[{"href":"https:\/\/www.preprod.drone-pro360.com\/index.php\/wp-json\/wp\/v2\/types\/page"}],"author":[{"embeddable":true,"href":"https:\/\/www.preprod.drone-pro360.com\/index.php\/wp-json\/wp\/v2\/users\/3"}],"replies":[{"embeddable":true,"href":"https:\/\/www.preprod.drone-pro360.com\/index.php\/wp-json\/wp\/v2\/comments?post=405"}],"version-history":[{"count":157,"href":"https:\/\/www.preprod.drone-pro360.com\/index.php\/wp-json\/wp\/v2\/pages\/405\/revisions"}],"predecessor-version":[{"id":5389,"href":"https:\/\/www.preprod.drone-pro360.com\/index.php\/wp-json\/wp\/v2\/pages\/405\/revisions\/5389"}],"wp:attachment":[{"href":"https:\/\/www.preprod.drone-pro360.com\/index.php\/wp-json\/wp\/v2\/media?parent=405"}],"curies":[{"name":"wp","href":"https:\/\/api.w.org\/{rel}","templated":true}]}}