{"id":4991,"date":"2024-09-27T13:52:58","date_gmt":"2024-09-27T12:52:58","guid":{"rendered":"https:\/\/www.preprod.drone-pro360.com\/?page_id=4991"},"modified":"2025-06-23T20:11:15","modified_gmt":"2025-06-23T19:11:15","slug":"news-ecole","status":"publish","type":"page","link":"https:\/\/www.preprod.drone-pro360.com\/index.php\/news-ecole\/","title":{"rendered":"News \u00e9cole"},"content":{"rendered":"\t\t<div data-elementor-type=\"wp-page\" data-elementor-id=\"4991\" class=\"elementor elementor-4991\" data-elementor-post-type=\"page\">\n\t\t\t\t\t\t<section class=\"elementor-section elementor-top-section elementor-element elementor-element-bdcaa0b elementor-section-boxed elementor-section-height-default elementor-section-height-default\" data-id=\"bdcaa0b\" data-element_type=\"section\" data-e-type=\"section\">\n\t\t\t\t\t\t<div class=\"elementor-container elementor-column-gap-default\">\n\t\t\t\t\t<div class=\"elementor-column elementor-col-100 elementor-top-column elementor-element elementor-element-6dbec16\" data-id=\"6dbec16\" data-element_type=\"column\" data-e-type=\"column\">\n\t\t\t<div class=\"elementor-widget-wrap elementor-element-populated\">\n\t\t\t\t\t\t<div class=\"elementor-element elementor-element-db2daee elementor-widget elementor-widget-heading\" data-id=\"db2daee\" data-element_type=\"widget\" data-e-type=\"widget\" data-widget_type=\"heading.default\">\n\t\t\t\t<div class=\"elementor-widget-container\">\n\t\t\t\t\t<h2 class=\"elementor-heading-title elementor-size-default\">Les news Drone Pro 360<\/h2>\t\t\t\t<\/div>\n\t\t\t\t<\/div>\n\t\t\t\t\t<\/div>\n\t\t<\/div>\n\t\t\t\t\t<\/div>\n\t\t<\/section>\n\t\t\t\t<section class=\"elementor-section elementor-top-section elementor-element elementor-element-b75d763 elementor-section-stretched elementor-section-boxed elementor-section-height-default elementor-section-height-default\" data-id=\"b75d763\" data-element_type=\"section\" data-e-type=\"section\" data-settings=\"{&quot;stretch_section&quot;:&quot;section-stretched&quot;}\">\n\t\t\t\t\t\t<div class=\"elementor-container elementor-column-gap-default\">\n\t\t\t\t\t<div class=\"elementor-column elementor-col-33 elementor-top-column elementor-element elementor-element-299104e\" data-id=\"299104e\" data-element_type=\"column\" data-e-type=\"column\">\n\t\t\t<div class=\"elementor-widget-wrap elementor-element-populated\">\n\t\t\t\t\t\t<div class=\"elementor-element elementor-element-7274183 elementor-widget elementor-widget-image\" data-id=\"7274183\" data-element_type=\"widget\" data-e-type=\"widget\" data-widget_type=\"image.default\">\n\t\t\t\t<div class=\"elementor-widget-container\">\n\t\t\t\t\t\t\t\t\t\t\t\t\t\t\t<img fetchpriority=\"high\" decoding=\"async\" width=\"250\" height=\"250\" src=\"https:\/\/www.preprod.drone-pro360.com\/wp-content\/uploads\/2025\/06\/cropped-Logo_rond_1-removebg-preview-Copie-1.png\" class=\"attachment-large size-large wp-image-5416\" alt=\"\" srcset=\"https:\/\/www.preprod.drone-pro360.com\/wp-content\/uploads\/2025\/06\/cropped-Logo_rond_1-removebg-preview-Copie-1.png 250w, https:\/\/www.preprod.drone-pro360.com\/wp-content\/uploads\/2025\/06\/cropped-Logo_rond_1-removebg-preview-Copie-1-150x150.png 150w, https:\/\/www.preprod.drone-pro360.com\/wp-content\/uploads\/2025\/06\/cropped-Logo_rond_1-removebg-preview-Copie-1-100x100.png 100w\" sizes=\"100vw\" \/>\t\t\t\t\t\t\t\t\t\t\t\t\t\t\t<\/div>\n\t\t\t\t<\/div>\n\t\t\t\t<div class=\"elementor-element elementor-element-5d5adca elementor-widget__width-initial elementor-widget elementor-widget-image\" data-id=\"5d5adca\" data-element_type=\"widget\" data-e-type=\"widget\" data-widget_type=\"image.default\">\n\t\t\t\t<div class=\"elementor-widget-container\">\n\t\t\t\t\t\t\t\t\t\t\t\t\t\t\t<img decoding=\"async\" width=\"525\" height=\"350\" src=\"https:\/\/www.preprod.drone-pro360.com\/wp-content\/uploads\/2025\/06\/newspaper-1075795_1280-1024x682.jpg\" class=\"attachment-large size-large wp-image-5443\" alt=\"\" srcset=\"https:\/\/www.preprod.drone-pro360.com\/wp-content\/uploads\/2025\/06\/newspaper-1075795_1280-1024x682.jpg 1024w, https:\/\/www.preprod.drone-pro360.com\/wp-content\/uploads\/2025\/06\/newspaper-1075795_1280-300x200.jpg 300w, https:\/\/www.preprod.drone-pro360.com\/wp-content\/uploads\/2025\/06\/newspaper-1075795_1280-768x512.jpg 768w, https:\/\/www.preprod.drone-pro360.com\/wp-content\/uploads\/2025\/06\/newspaper-1075795_1280.jpg 1280w\" sizes=\"100vw\" \/>\t\t\t\t\t\t\t\t\t\t\t\t\t\t\t<\/div>\n\t\t\t\t<\/div>\n\t\t\t\t\t<\/div>\n\t\t<\/div>\n\t\t\t\t<div class=\"elementor-column elementor-col-66 elementor-top-column elementor-element elementor-element-387fa40\" data-id=\"387fa40\" data-element_type=\"column\" data-e-type=\"column\">\n\t\t\t<div class=\"elementor-widget-wrap elementor-element-populated\">\n\t\t\t\t\t\t<div class=\"elementor-element elementor-element-a3f341e elementor-widget elementor-widget-text-editor\" data-id=\"a3f341e\" data-element_type=\"widget\" data-e-type=\"widget\" data-widget_type=\"text-editor.default\">\n\t\t\t\t<div class=\"elementor-widget-container\">\n\t\t\t\t\t\t\t\t\t<h3 data-start=\"192\" data-end=\"268\"><span style=\"color: rgb(31, 61, 71); font-size: 1.375rem;\">\ud83d\uddde\ufe0f <\/span><strong data-start=\"216\" data-end=\"302\" style=\"color: rgb(31, 61, 71); font-size: 1.375rem;\">Les News de Drone Pro 360&nbsp;<\/strong><strong data-start=\"216\" data-end=\"302\" style=\"font-size: 1.375rem; color: rgb(31, 61, 71);\">&nbsp;<\/strong><\/h3>\n<h3 data-start=\"192\" data-end=\"268\"><strong data-start=\"216\" data-end=\"302\" style=\"font-size: 1.375rem; color: rgb(31, 61, 71);\">Chaque mois, l\u2019actu de votre centre de formation drone<\/strong><\/h3>\n<p data-start=\"304\" data-end=\"599\">Bienvenue dans la rubrique <strong data-start=\"331\" data-end=\"362\">\u00ab\u00a0Les News de Drone Pro 360\u00a0\u00bb<\/strong> !<br data-start=\"364\" data-end=\"367\">Chaque mois, retrouvez ici toute l\u2019<span data-start=\"402\" data-end=\"465\" style=\"\">actualit\u00e9 de votre \u00e9cole de formation drone professionnelle<\/span>, sp\u00e9cialis\u00e9e dans la <span data-start=\"487\" data-end=\"518\" style=\"\">pr\u00e9paration au t\u00e9l\u00e9pilotage<\/span> conforme aux exigences de la <span data-start=\"548\" data-end=\"556\" style=\"\">DGAC<\/span><\/p>\n<p data-start=\"304\" data-end=\"599\"> (Direction G\u00e9n\u00e9rale de l\u2019Aviation Civile).<\/p>\n<p data-start=\"601\" data-end=\"618\">\ud83d\ude81 Au programme :<\/p>\t\t\t\t\t\t\t\t<\/div>\n\t\t\t\t<\/div>\n\t\t\t\t<div class=\"elementor-element elementor-element-f803e62 elementor-widget elementor-widget-text-editor\" data-id=\"f803e62\" data-element_type=\"widget\" data-e-type=\"widget\" data-widget_type=\"text-editor.default\">\n\t\t\t\t<div class=\"elementor-widget-container\">\n\t\t\t\t\t\t\t\t\t<ol>\n<li><i><b>Nouvelles&nbsp;<span data-start=\"631\" data-end=\"672\">sessions de formation drone certifi\u00e9e<\/span><\/b><\/i><\/li>\n<li><i><b>Zoom sur nos&nbsp;<span data-start=\"688\" data-end=\"712\">stagiaires du moment<\/span><\/b><\/i><\/li>\n<li><b>Pr\u00e9sentation de notre&nbsp;<span data-start=\"737\" data-end=\"778\">mat\u00e9riel drone de derni\u00e8re g\u00e9n\u00e9ration<\/span>&nbsp;(DJI Mini Pro, Mavic Pro, Phantom, drones thermiques, etc.)<\/b><\/li>\n<li><b>Actualit\u00e9s sur la&nbsp;<span data-start=\"859\" data-end=\"893\">r\u00e9glementation drone en France<\/span><\/b><\/li>\n<li><b>Conseils m\u00e9tiers, retours d\u2019exp\u00e9rience et focus sur des&nbsp;<span data-start=\"952\" data-end=\"981\">missions professionnelles<\/span>&nbsp;: inspection technique, d\u00e9moussage, thermographie, prises de vue a\u00e9riennes\u2026<\/b><\/li>\n<\/ol>\t\t\t\t\t\t\t\t<\/div>\n\t\t\t\t<\/div>\n\t\t\t\t<div class=\"elementor-element elementor-element-5df0cf1 elementor-widget elementor-widget-text-editor\" data-id=\"5df0cf1\" data-element_type=\"widget\" data-e-type=\"widget\" data-widget_type=\"text-editor.default\">\n\t\t\t\t<div class=\"elementor-widget-container\">\n\t\t\t\t\t\t\t\t\t<p data-start=\"1059\" data-end=\"1186\">\ud83d\udccd Que vous soyez en reconversion, en perfectionnement ou passionn\u00e9 de technologie, ce rendez-vous mensuel est fait pour vous !<\/p>\n<p data-start=\"1188\" data-end=\"1300\"><strong data-start=\"1188\" data-end=\"1205\">Drone Pro 360<\/strong>, c\u2019est bien plus qu\u2019une formation : c\u2019est une communaut\u00e9 dynamique au c\u0153ur de l\u2019univers drone.<\/p>\n<p data-start=\"270\" data-end=\"594\">\n<\/p><p data-start=\"1302\" data-end=\"1411\">\ud83d\udcc5 Restez connect\u00e9s, chaque mois nous partageons ce qui fait avancer l\u2019\u00e9cole\u2026 et votre avenir professionnel !<\/p>\n<p><br><\/p>\t\t\t\t\t\t\t\t<\/div>\n\t\t\t\t<\/div>\n\t\t\t\t\t<\/div>\n\t\t<\/div>\n\t\t\t\t\t<\/div>\n\t\t<\/section>\n\t\t\t\t<section class=\"elementor-section elementor-top-section elementor-element elementor-element-5ee84d8 elementor-section-stretched elementor-section-boxed elementor-section-height-default elementor-section-height-default\" data-id=\"5ee84d8\" data-element_type=\"section\" data-e-type=\"section\" data-settings=\"{&quot;stretch_section&quot;:&quot;section-stretched&quot;}\">\n\t\t\t\t\t\t<div class=\"elementor-container elementor-column-gap-default\">\n\t\t\t\t\t<div class=\"elementor-column elementor-col-33 elementor-top-column elementor-element elementor-element-895b524\" data-id=\"895b524\" data-element_type=\"column\" data-e-type=\"column\">\n\t\t\t<div class=\"elementor-widget-wrap elementor-element-populated\">\n\t\t\t\t\t\t<div class=\"elementor-element elementor-element-9015f3a elementor-widget__width-initial elementor-widget elementor-widget-image\" data-id=\"9015f3a\" data-element_type=\"widget\" data-e-type=\"widget\" data-widget_type=\"image.default\">\n\t\t\t\t<div class=\"elementor-widget-container\">\n\t\t\t\t\t\t\t\t\t\t\t\t\t\t\t<img decoding=\"async\" width=\"525\" height=\"843\" src=\"https:\/\/www.preprod.drone-pro360.com\/wp-content\/uploads\/2025\/06\/aldo-bellomo.jpg\" class=\"attachment-large size-large wp-image-5439\" alt=\"\" srcset=\"https:\/\/www.preprod.drone-pro360.com\/wp-content\/uploads\/2025\/06\/aldo-bellomo.jpg 563w, https:\/\/www.preprod.drone-pro360.com\/wp-content\/uploads\/2025\/06\/aldo-bellomo-187x300.jpg 187w\" sizes=\"100vw\" \/>\t\t\t\t\t\t\t\t\t\t\t\t\t\t\t<\/div>\n\t\t\t\t<\/div>\n\t\t\t\t\t<\/div>\n\t\t<\/div>\n\t\t\t\t<div class=\"elementor-column elementor-col-66 elementor-top-column elementor-element elementor-element-2856d8d\" data-id=\"2856d8d\" data-element_type=\"column\" data-e-type=\"column\">\n\t\t\t<div class=\"elementor-widget-wrap elementor-element-populated\">\n\t\t\t\t\t\t<div class=\"elementor-element elementor-element-f6b9f58 elementor-widget elementor-widget-heading\" data-id=\"f6b9f58\" data-element_type=\"widget\" data-e-type=\"widget\" data-widget_type=\"heading.default\">\n\t\t\t\t<div class=\"elementor-widget-container\">\n\t\t\t\t\t<h2 class=\"elementor-heading-title elementor-size-default\"><h3 data-start=\"149\" data-end=\"205\">\ud83d\udc64&nbsp;<span data-start=\"156\" data-end=\"205\" style=\"font-weight: 700\">Portrait&nbsp;<\/span><\/h3>JUIN 2025<\/h2>\t\t\t\t<\/div>\n\t\t\t\t<\/div>\n\t\t\t\t<div class=\"elementor-element elementor-element-bef37cc elementor-widget elementor-widget-text-editor\" data-id=\"bef37cc\" data-element_type=\"widget\" data-e-type=\"widget\" data-widget_type=\"text-editor.default\">\n\t\t\t\t<div class=\"elementor-widget-container\">\n\t\t\t\t\t\t\t\t\t<h3 data-start=\"149\" data-end=\"205\"><strong data-start=\"156\" data-end=\"205\">&nbsp;Aldo Bellomo rejoint Drone Pro 360<\/strong><\/h3>\n<h3 data-start=\"320\" data-end=\"390\">\ud83e\udde0 <strong data-start=\"327\" data-end=\"390\">Management &amp; Strat\u00e9gie \u2013 Aldo Bellomo rejoint Drone Pro 360<\/strong><\/h3>\n<p data-start=\"392\" data-end=\"765\">Nous avons le plaisir d\u2019annoncer l\u2019arriv\u00e9e de <strong data-start=\"438\" data-end=\"457\">M. Aldo Bellomo<\/strong> au sein de <span data-start=\"469\" data-end=\"486\" style=\"\">Drone Pro 360<\/span>, en tant que <strong data-start=\"500\" data-end=\"562\">b\u00e9n\u00e9vole expert en management strat\u00e9gique et communication<\/strong>.&nbsp;<\/p><p data-start=\"392\" data-end=\"765\"><b>Sa mission : <\/b>accompagner le d\u00e9veloppement de notre \u00e9cole de <span data-start=\"624\" data-end=\"659\" style=\"\">formation drone professionnelle<\/span>, tant sur le plan structurel que dans notre strat\u00e9gie de <span data-start=\"717\" data-end=\"764\" style=\"\">communication digitale et organisationnelle<\/span>.<\/p>\n<p data-start=\"767\" data-end=\"1156\">\ud83d\udd39 <strong data-start=\"770\" data-end=\"826\">Un parcours international au service de l\u2019innovation<\/strong><br data-start=\"826\" data-end=\"829\">Ancien <span data-start=\"836\" data-end=\"870\" style=\"\">Directeur G\u00e9n\u00e9ral de Silca SAS<\/span> (groupe DormaKaba \u2013 secteur contr\u00f4le d\u2019acc\u00e8s et s\u00e9curit\u00e9), Aldo b\u00e9n\u00e9ficie de <span data-start=\"948\" data-end=\"1015\" style=\"\">38 ann\u00e9es d\u2019exp\u00e9rience au sein de grands groupes internationaux<\/span>, dans des fonctions de <span data-start=\"1039\" data-end=\"1061\" style=\"\">direction g\u00e9n\u00e9rale<\/span>, <span data-start=\"1063\" data-end=\"1091\" style=\"\">d\u00e9veloppement commercial<\/span>, <span data-start=\"1093\" data-end=\"1118\" style=\"\">marketing strat\u00e9gique<\/span>, et <span data-start=\"1123\" data-end=\"1155\" style=\"\">r\u00e9organisation d\u2019entreprises<\/span>.<\/p>\n<p data-start=\"1158\" data-end=\"1528\">Il a notamment dirig\u00e9 des \u00e9quipes en France, Espagne, Italie, Br\u00e9sil, USA et Asie, pilot\u00e9 des projets d\u2019envergure dans les domaines du <span data-start=\"1293\" data-end=\"1300\" style=\"\">B2B<\/span>, du <span data-start=\"1305\" data-end=\"1325\" style=\"\">CRM (Salesforce)<\/span>, du <span data-start=\"1330\" data-end=\"1337\" style=\"\">SAP<\/span>, de l\u2019<span data-start=\"1344\" data-end=\"1358\" style=\"\">e-commerce<\/span> et de la <span data-start=\"1368\" data-end=\"1393\" style=\"\">logistique europ\u00e9enne<\/span>. Il est \u00e9galement trilingue (fran\u00e7ais, italien, anglais) et parle cinq langues, un atout pr\u00e9cieux pour nos \u00e9changes \u00e0 l\u2019international.<\/p>\n<p data-start=\"1530\" data-end=\"1571\">\ud83c\udfaf <strong data-start=\"1533\" data-end=\"1569\">Ce qu\u2019il apporte \u00e0 Drone Pro 360<\/strong><\/p>\n<span style=\"font-size: 1rem;\">Structuration de notre <\/span><span data-start=\"1597\" data-end=\"1619\" style=\"font-size: 1rem;\">management interne<\/span><br><span style=\"font-size: 1rem;\">Optimisation de la <\/span><span data-start=\"1643\" data-end=\"1672\" style=\"font-size: 1rem;\">communication strat\u00e9gique<\/span><span style=\"font-size: 1rem;\"> (interne et externe)<\/span><br><span style=\"font-size: 1rem;\">Accompagnement des projets de <\/span><span data-start=\"1728\" data-end=\"1763\" style=\"font-size: 1rem;\">croissance et de visibilit\u00e9 web<\/span><br><span style=\"font-size: 1rem;\">Conseil sur l\u2019<\/span><span data-start=\"1782\" data-end=\"1816\" style=\"font-size: 1rem;\">am\u00e9lioration de l\u2019organisation<\/span><span style=\"font-size: 1rem;\">, de la <\/span><span data-start=\"1824\" data-end=\"1843\" style=\"font-size: 1rem;\">relation client<\/span><span style=\"font-size: 1rem;\">, et du <\/span><span data-start=\"1851\" data-end=\"1879\" style=\"font-size: 1rem;\">positionnement de marque<\/span><br><span style=\"font-size: 1rem;\">\ud83d\udee9\ufe0f Son engagement aupr\u00e8s de Drone Pro 360 t\u00e9moigne d\u2019une volont\u00e9 forte de <\/span><span data-start=\"1956\" data-end=\"2062\" style=\"font-size: 1rem;\">soutenir l\u2019innovation, la p\u00e9dagogie, et la mont\u00e9e en comp\u00e9tence dans le domaine du drone professionnel<\/span><span style=\"font-size: 1rem;\">.<\/span><br>\n<p data-start=\"207\" data-end=\"387\">\n<\/p>\n<p data-start=\"857\" data-end=\"908\">Bienvenue \u00e0 Aldo dans l\u2019aventure Drone Pro 360 ! \ud83d\ude80<\/p>\t\t\t\t\t\t\t\t<\/div>\n\t\t\t\t<\/div>\n\t\t\t\t\t<\/div>\n\t\t<\/div>\n\t\t\t\t\t<\/div>\n\t\t<\/section>\n\t\t\t\t<section class=\"elementor-section elementor-top-section elementor-element elementor-element-ea24287 elementor-section-stretched elementor-section-boxed elementor-section-height-default elementor-section-height-default\" data-id=\"ea24287\" data-element_type=\"section\" data-e-type=\"section\" data-settings=\"{&quot;stretch_section&quot;:&quot;section-stretched&quot;}\">\n\t\t\t\t\t\t<div class=\"elementor-container elementor-column-gap-default\">\n\t\t\t\t\t<div class=\"elementor-column elementor-col-33 elementor-top-column elementor-element elementor-element-f351fb4\" data-id=\"f351fb4\" data-element_type=\"column\" data-e-type=\"column\">\n\t\t\t<div class=\"elementor-widget-wrap elementor-element-populated\">\n\t\t\t\t\t\t<div class=\"elementor-element elementor-element-42cf6a2 elementor-widget elementor-widget-heading\" data-id=\"42cf6a2\" data-element_type=\"widget\" data-e-type=\"widget\" data-widget_type=\"heading.default\">\n\t\t\t\t<div class=\"elementor-widget-container\">\n\t\t\t\t\t<h2 class=\"elementor-heading-title elementor-size-default\">Portrait Stagiaire Juin 2025<\/h2>\t\t\t\t<\/div>\n\t\t\t\t<\/div>\n\t\t\t\t<div class=\"elementor-element elementor-element-f1b232e elementor-widget__width-initial elementor-widget elementor-widget-text-editor\" data-id=\"f1b232e\" data-element_type=\"widget\" data-e-type=\"widget\" data-widget_type=\"text-editor.default\">\n\t\t\t\t<div class=\"elementor-widget-container\">\n\t\t\t\t\t\t\t\t\t<p>\ud83d\udc68\u200d\ud83c\udf93 <strong data-start=\"275\" data-end=\"380\">Stagiaire du moment : Elijah Collin Palud&nbsp;<\/strong><\/p>\n<p><strong data-start=\"275\" data-end=\"380\">&nbsp;Cr\u00e9atif et polyvalent dans l\u2019univers drone et audiovisuel<\/strong><\/p>\n<p>Chez <span data-start=\"387\" data-end=\"404\" style=\"\">Drone Pro 360<\/span>, nous valorisons les jeunes talents qui allient technique, cr\u00e9ativit\u00e9 et curiosit\u00e9. Ce mois-ci, nous mettons \u00e0 l\u2019honneur <span data-start=\"526\" data-end=\"549\" style=\"\">Elijah Collin Palud<\/span>, stagiaire en Bac Pro CVP (Communication Visuelle Pluri-m\u00e9dias), passionn\u00e9 par l\u2019<span data-start=\"631\" data-end=\"646\" style=\"\">audiovisuel<\/span>, le <span data-start=\"651\" data-end=\"661\" style=\"\">cin\u00e9ma<\/span>, et les <span data-start=\"670\" data-end=\"696\" style=\"\">nouvelles technologies<\/span>.<\/p>\n<p>\ud83c\udfa5 Lors de son stage, Elijah a pu d\u00e9couvrir <span data-start=\"743\" data-end=\"779\">l\u2019univers du drone professionnel<\/span>, en participant \u00e0 plusieurs <span data-start=\"808\" data-end=\"827\">sessions de vol<\/span>. Cette immersion lui a permis de saisir les <span data-start=\"872\" data-end=\"902\">enjeux de l\u2019image a\u00e9rienne<\/span>, de l\u2019<span data-start=\"909\" data-end=\"934\">importance du cadrage<\/span>, et de la <span data-start=\"945\" data-end=\"1024\">qualit\u00e9 des prises de vue pour les projets audiovisuels et le montage vid\u00e9o<\/span>.<\/p>\n<p>\ud83d\udda5\ufe0f Il s\u2019investit aussi dans <span data-start=\"1056\" data-end=\"1116\">l\u2019analyse et l\u2019am\u00e9lioration du site web de Drone Pro 360<\/span>, avec un regard attentif sur la <span data-start=\"1149\" data-end=\"1163\">navigation<\/span>, la <span data-start=\"1168\" data-end=\"1194\">mise en page graphique<\/span>, et les <span data-start=\"1203\" data-end=\"1250\">opportunit\u00e9s de r\u00e9f\u00e9rencement naturel (SEO)<\/span>. Ses comp\u00e9tences en <span data-start=\"1271\" data-end=\"1286\">Illustrator<\/span>, <span data-start=\"1288\" data-end=\"1300\">InDesign<\/span> et montage photo\/vid\u00e9o sont un v\u00e9ritable atout pour notre communication.<\/p>\n<p><b>\ud83d\ude80 <span data-start=\"1378\" data-end=\"1407\">Comp\u00e9tences cl\u00e9s d\u2019Elijah<\/span> :<\/b><\/p>\n<p data-start=\"1412\" data-end=\"1458\">Pratique du <span data-start=\"1424\" data-end=\"1458\">drone pour l\u2019image et la vid\u00e9o<\/span><\/p>\n<p data-start=\"1461\" data-end=\"1516\">Sens artistique et technique en <span data-start=\"1493\" data-end=\"1516\">montage audiovisuel<\/span><\/p>\n<p data-start=\"1519\" data-end=\"1567\">Conception graphique pour le <span data-start=\"1548\" data-end=\"1567\" style=\"\">print et le web<\/span><\/p>\n<p data-start=\"1570\" data-end=\"1637\">Participation active \u00e0 l\u2019<span data-start=\"1595\" data-end=\"1615\">optimisation SEO<\/span> du site Drone Pro 360<\/p>\n<p><b>Nous saluons son s\u00e9rieux, sa cr\u00e9ativit\u00e9 et son implication. Un profil prometteur dans les domaines du <span data-start=\"1741\" data-end=\"1780\" style=\"\">drone, de la communication visuelle<\/span> et du <span data-start=\"1787\" data-end=\"1800\" style=\"\">num\u00e9rique<\/span> !<\/b><\/p>\n<p><br><\/p>\n<p><br><\/p>\t\t\t\t\t\t\t\t<\/div>\n\t\t\t\t<\/div>\n\t\t\t\t\t<\/div>\n\t\t<\/div>\n\t\t\t\t<div class=\"elementor-column elementor-col-66 elementor-top-column elementor-element elementor-element-befbfd3\" data-id=\"befbfd3\" data-element_type=\"column\" data-e-type=\"column\">\n\t\t\t<div class=\"elementor-widget-wrap elementor-element-populated\">\n\t\t\t\t\t\t<div class=\"elementor-element elementor-element-8fa371d elementor-widget__width-initial elementor-widget elementor-widget-image\" data-id=\"8fa371d\" data-element_type=\"widget\" data-e-type=\"widget\" data-widget_type=\"image.default\">\n\t\t\t\t<div class=\"elementor-widget-container\">\n\t\t\t\t\t\t\t\t\t\t\t\t\t\t\t<img loading=\"lazy\" decoding=\"async\" width=\"246\" height=\"300\" src=\"https:\/\/www.preprod.drone-pro360.com\/wp-content\/uploads\/2025\/06\/elijah-246x300.png\" class=\"attachment-medium size-medium wp-image-5444\" alt=\"\" srcset=\"https:\/\/www.preprod.drone-pro360.com\/wp-content\/uploads\/2025\/06\/elijah-246x300.png 246w, https:\/\/www.preprod.drone-pro360.com\/wp-content\/uploads\/2025\/06\/elijah.png 416w\" sizes=\"100vw\" \/>\t\t\t\t\t\t\t\t\t\t\t\t\t\t\t<\/div>\n\t\t\t\t<\/div>\n\t\t\t\t\t<\/div>\n\t\t<\/div>\n\t\t\t\t\t<\/div>\n\t\t<\/section>\n\t\t\t\t<\/div>\n\t\t","protected":false},"excerpt":{"rendered":"","protected":false},"author":3,"featured_media":0,"parent":0,"menu_order":0,"comment_status":"closed","ping_status":"closed","template":"","meta":{"footnotes":""},"class_list":["post-4991","page","type-page","status-publish","hentry"],"_links":{"self":[{"href":"https:\/\/www.preprod.drone-pro360.com\/index.php\/wp-json\/wp\/v2\/pages\/4991","targetHints":{"allow":["GET"]}}],"collection":[{"href":"https:\/\/www.preprod.drone-pro360.com\/index.php\/wp-json\/wp\/v2\/pages"}],"about":[{"href":"https:\/\/www.preprod.drone-pro360.com\/index.php\/wp-json\/wp\/v2\/types\/page"}],"author":[{"embeddable":true,"href":"https:\/\/www.preprod.drone-pro360.com\/index.php\/wp-json\/wp\/v2\/users\/3"}],"replies":[{"embeddable":true,"href":"https:\/\/www.preprod.drone-pro360.com\/index.php\/wp-json\/wp\/v2\/comments?post=4991"}],"version-history":[{"count":5,"href":"https:\/\/www.preprod.drone-pro360.com\/index.php\/wp-json\/wp\/v2\/pages\/4991\/revisions"}],"predecessor-version":[{"id":5448,"href":"https:\/\/www.preprod.drone-pro360.com\/index.php\/wp-json\/wp\/v2\/pages\/4991\/revisions\/5448"}],"wp:attachment":[{"href":"https:\/\/www.preprod.drone-pro360.com\/index.php\/wp-json\/wp\/v2\/media?parent=4991"}],"curies":[{"name":"wp","href":"https:\/\/api.w.org\/{rel}","templated":true}]}}